{"id":2815,"date":"2020-12-14T16:35:02","date_gmt":"2020-12-14T16:35:02","guid":{"rendered":"https:\/\/www.arataumodular.com\/app\/?page_id=2815"},"modified":"2021-03-10T17:37:37","modified_gmt":"2021-03-10T17:37:37","slug":"blog-en","status":"publish","type":"page","link":"https:\/\/www.arataumodular.com\/app\/blog-en\/","title":{"rendered":"Blog-en"},"content":{"rendered":"\t\t<div data-elementor-type=\"wp-page\" data-elementor-id=\"2815\" class=\"elementor elementor-2815\">\n\t\t\t\t\t\t<section class=\"elementor-section elementor-top-section elementor-element elementor-element-c142135 elementor-section-boxed elementor-section-height-default elementor-section-height-default\" data-id=\"c142135\" data-element_type=\"section\" data-e-type=\"section\">\n\t\t\t\t\t\t<div class=\"elementor-container elementor-column-gap-default\">\n\t\t\t\t\t<div class=\"aux-parallax-section elementor-column elementor-col-100 elementor-top-column elementor-element elementor-element-6dae239\" data-id=\"6dae239\" data-element_type=\"column\" data-e-type=\"column\">\n\t\t\t<div class=\"elementor-widget-wrap elementor-element-populated\">\n\t\t\t\t\t\t<div class=\"elementor-element elementor-element-90866b3 elementor-widget elementor-widget-cv-list-blog-post-layout\" data-id=\"90866b3\" data-element_type=\"widget\" data-e-type=\"widget\" data-widget_type=\"cv-list-blog-post-layout.default\">\n\t\t\t\t<div class=\"elementor-widget-container\">\n\t\t\t\t\t<div id=\"cv-list-post-layout\" class=\"block-90866b3 cv-block cv-block-list--layout-one\">    <div class=\"cv-post-wrapper cv-post--imagemargin column--one\">\r\n                        <article post-id=\"post-2828\" class=\"cv-post post-format--standard\" itemscope itemtype=\"http:\/\/schema.org\/articleBody\">\r\n                    <div class=\"cv-post-left-wrap\">\r\n                        <div class=\"cv-post-thumb\">\r\n                            <a href=\"https:\/\/www.arataumodular.com\/app\/2021\/03\/05\/the-largest-modular-building-in-the-world\/\"><img decoding=\"async\" src=\"https:\/\/www.arataumodular.com\/app\/wp-content\/uploads\/2020\/12\/O-Maior-Edificio-Modular-do-Mundo-aratau.png\" alt=\"The Largest Modular Building in the World\"\/><\/a>\r\n                        <\/div>\r\n                    <\/div><!-- .cv-post-left-wrap -->\r\n                    <div class=\"cv-post-right-wrap\">\r\n                        <div class=\"cv-post-cats-wrap\"><span class=\"cv-post-cat\"><a href=\"https:\/\/www.arataumodular.com\/app\/category\/english\/\">English<\/a><\/span><\/div>                        <h2 class=\"cv-post-title\">\r\n                            <a href=\"https:\/\/www.arataumodular.com\/app\/2021\/03\/05\/the-largest-modular-building-in-the-world\/\" target=\"_self\">\r\n                                The Largest Modular Building in the World                            <\/a>\r\n                        <\/h2>\r\n                        <div class=\"cv-post-meta cv-meta-icon-show\">\r\n                            <span class=\"cv-post-tags-wrap cv-post-meta-item\"><span class=\"cv-post-tag\"><a href=\"https:\/\/www.arataumodular.com\/app\/tag\/construcao-civil\/\">Constru\u00e7\u00e3o civil<\/a><\/span><span class=\"cv-post-tag\"><a href=\"https:\/\/www.arataumodular.com\/app\/tag\/construcao-modular\/\">Constru\u00e7\u00e3o modular<\/a><\/span><span class=\"cv-post-tag\"><a href=\"https:\/\/www.arataumodular.com\/app\/tag\/construcao-modular-permanente\/\">Constru\u00e7\u00e3o modular permanente<\/a><\/span><span class=\"cv-post-tag\"><a href=\"https:\/\/www.arataumodular.com\/app\/tag\/edificio-modular\/\">Edif\u00edcio modular<\/a><\/span><\/span>                        <\/div>\r\n                        <div class=\"cv-post-content\" itemprop=\"description\">Tower B2, in New York, is the tallest modular building in the world. With 32 floors and 363 apartments built with modular technology, this residential&hellip;<\/div>                        <div class=\"cv-read-more\"><a href=https:\/\/www.arataumodular.com\/app\/2021\/03\/05\/the-largest-modular-building-in-the-world\/>Ler mais<i class=\"fas fa-arrow-right\"><\/i><\/a><\/div>                    <\/div><!-- .cv-post-right-wrap -->\r\n                <\/article>\r\n                        <article post-id=\"post-2826\" class=\"cv-post post-format--standard\" itemscope itemtype=\"http:\/\/schema.org\/articleBody\">\r\n                    <div class=\"cv-post-left-wrap\">\r\n                        <div class=\"cv-post-thumb\">\r\n                            <a href=\"https:\/\/www.arataumodular.com\/app\/2021\/03\/05\/benefits-and-advantages-of-modular-construction\/\"><img decoding=\"async\" src=\"https:\/\/www.arataumodular.com\/app\/wp-content\/uploads\/2020\/12\/Tudo-sobre-casas-modulares-veja-os-beneficios-deste-tipo-de-habitacao-aratau.jpg\" alt=\"Benefits and advantages of modular construction\"\/><\/a>\r\n                        <\/div>\r\n                    <\/div><!-- .cv-post-left-wrap -->\r\n                    <div class=\"cv-post-right-wrap\">\r\n                        <div class=\"cv-post-cats-wrap\"><span class=\"cv-post-cat\"><a href=\"https:\/\/www.arataumodular.com\/app\/category\/english\/\">English<\/a><\/span><\/div>                        <h2 class=\"cv-post-title\">\r\n                            <a href=\"https:\/\/www.arataumodular.com\/app\/2021\/03\/05\/benefits-and-advantages-of-modular-construction\/\" target=\"_self\">\r\n                                Benefits and advantages of modular construction                            <\/a>\r\n                        <\/h2>\r\n                        <div class=\"cv-post-meta cv-meta-icon-show\">\r\n                            <span class=\"cv-post-tags-wrap cv-post-meta-item\"><span class=\"cv-post-tag\"><a href=\"https:\/\/www.arataumodular.com\/app\/tag\/casa-modular-en\/\">Casa modular<\/a><\/span><span class=\"cv-post-tag\"><a href=\"https:\/\/www.arataumodular.com\/app\/tag\/construcao-modular-en\/\">Constru\u00e7\u00e3o modular<\/a><\/span><span class=\"cv-post-tag\"><a href=\"https:\/\/www.arataumodular.com\/app\/tag\/mobilidade-en\/\">Mobilidade<\/a><\/span><span class=\"cv-post-tag\"><a href=\"https:\/\/www.arataumodular.com\/app\/tag\/modernidade-en\/\">Modernidade<\/a><\/span><span class=\"cv-post-tag\"><a href=\"https:\/\/www.arataumodular.com\/app\/tag\/prazo-en\/\">Prazo<\/a><\/span><span class=\"cv-post-tag\"><a href=\"https:\/\/www.arataumodular.com\/app\/tag\/rapidez-en\/\">Rapidez<\/a><\/span><span class=\"cv-post-tag\"><a href=\"https:\/\/www.arataumodular.com\/app\/tag\/sustentabilidade-en\/\">Sustentabilidade<\/a><\/span><span class=\"cv-post-tag\"><a href=\"https:\/\/www.arataumodular.com\/app\/tag\/vantagens-en\/\">Vantagens<\/a><\/span><\/span>                        <\/div>\r\n                        <div class=\"cv-post-content\" itemprop=\"description\">Fonte: C3 Clube da Constru\u00e7\u00e3o Civil (https:\/\/c3clube.com.br\/) &nbsp;<\/div>                        <div class=\"cv-read-more\"><a href=https:\/\/www.arataumodular.com\/app\/2021\/03\/05\/benefits-and-advantages-of-modular-construction\/>Ler mais<i class=\"fas fa-arrow-right\"><\/i><\/a><\/div>                    <\/div><!-- .cv-post-right-wrap -->\r\n                <\/article>\r\n                        <article post-id=\"post-2824\" class=\"cv-post post-format--standard\" itemscope itemtype=\"http:\/\/schema.org\/articleBody\">\r\n                    <div class=\"cv-post-left-wrap\">\r\n                        <div class=\"cv-post-thumb\">\r\n                            <a href=\"https:\/\/www.arataumodular.com\/app\/2021\/03\/05\/the-modular-houses-add-productivity-to-construction\/\"><img decoding=\"async\" src=\"https:\/\/www.arataumodular.com\/app\/wp-content\/uploads\/2020\/12\/Casas-modulares-agregam-produtividade-a-construcao-aratau.jpg\" alt=\"The modular houses add productivity to construction\"\/><\/a>\r\n                        <\/div>\r\n                    <\/div><!-- .cv-post-left-wrap -->\r\n                    <div class=\"cv-post-right-wrap\">\r\n                        <div class=\"cv-post-cats-wrap\"><span class=\"cv-post-cat\"><a href=\"https:\/\/www.arataumodular.com\/app\/category\/english\/\">English<\/a><\/span><\/div>                        <h2 class=\"cv-post-title\">\r\n                            <a href=\"https:\/\/www.arataumodular.com\/app\/2021\/03\/05\/the-modular-houses-add-productivity-to-construction\/\" target=\"_self\">\r\n                                The modular houses add productivity to construction                            <\/a>\r\n                        <\/h2>\r\n                        <div class=\"cv-post-meta cv-meta-icon-show\">\r\n                            <span class=\"cv-post-tags-wrap cv-post-meta-item\"><span class=\"cv-post-tag\"><a href=\"https:\/\/www.arataumodular.com\/app\/tag\/beneficios-construcao-modular-en\/\">Benef\u00edcios constru\u00e7\u00e3o modular<\/a><\/span><span class=\"cv-post-tag\"><a href=\"https:\/\/www.arataumodular.com\/app\/tag\/casa-modular-en\/\">Casa modular<\/a><\/span><span class=\"cv-post-tag\"><a href=\"https:\/\/www.arataumodular.com\/app\/tag\/casas-modulares-en\/\">Casas modulares<\/a><\/span><span class=\"cv-post-tag\"><a href=\"https:\/\/www.arataumodular.com\/app\/tag\/construcao-civil-en\/\">Constru\u00e7\u00e3o civil<\/a><\/span><span class=\"cv-post-tag\"><a href=\"https:\/\/www.arataumodular.com\/app\/tag\/construcao-modular-en\/\">Constru\u00e7\u00e3o modular<\/a><\/span><span class=\"cv-post-tag\"><a href=\"https:\/\/www.arataumodular.com\/app\/tag\/construcao-modular-off-site-en\/\">Constru\u00e7\u00e3o modular off-site<\/a><\/span><span class=\"cv-post-tag\"><a href=\"https:\/\/www.arataumodular.com\/app\/tag\/modernidade-en\/\">Modernidade<\/a><\/span><span class=\"cv-post-tag\"><a href=\"https:\/\/www.arataumodular.com\/app\/tag\/prazo-en\/\">Prazo<\/a><\/span><span class=\"cv-post-tag\"><a href=\"https:\/\/www.arataumodular.com\/app\/tag\/rapidez-en\/\">Rapidez<\/a><\/span><span class=\"cv-post-tag\"><a href=\"https:\/\/www.arataumodular.com\/app\/tag\/vantagens-en\/\">Vantagens<\/a><\/span><\/span>                        <\/div>\r\n                        <div class=\"cv-post-content\" itemprop=\"description\">You may not have heard much about industrialized modular homes. However, you certainly know that building more in less time is a huge challenge, right?&hellip;<\/div>                        <div class=\"cv-read-more\"><a href=https:\/\/www.arataumodular.com\/app\/2021\/03\/05\/the-modular-houses-add-productivity-to-construction\/>Ler mais<i class=\"fas fa-arrow-right\"><\/i><\/a><\/div>                    <\/div><!-- .cv-post-right-wrap -->\r\n                <\/article>\r\n                        <article post-id=\"post-2822\" class=\"cv-post post-format--standard\" itemscope itemtype=\"http:\/\/schema.org\/articleBody\">\r\n                    <div class=\"cv-post-left-wrap\">\r\n                        <div class=\"cv-post-thumb\">\r\n                            <a href=\"https:\/\/www.arataumodular.com\/app\/2021\/03\/05\/modular-construction-what-are-the-benefits-of-such-trend-for-the-sector\/\"><img decoding=\"async\" src=\"https:\/\/www.arataumodular.com\/app\/wp-content\/uploads\/2020\/12\/Construcao-modular-quais-os-beneficios-dessa-tendencia-para-o-setor-aratau.jpg\" alt=\"Modular construction: what are the benefits of such trend for the sector?\"\/><\/a>\r\n                        <\/div>\r\n                    <\/div><!-- .cv-post-left-wrap -->\r\n                    <div class=\"cv-post-right-wrap\">\r\n                        <div class=\"cv-post-cats-wrap\"><span class=\"cv-post-cat\"><a href=\"https:\/\/www.arataumodular.com\/app\/category\/english\/\">English<\/a><\/span><\/div>                        <h2 class=\"cv-post-title\">\r\n                            <a href=\"https:\/\/www.arataumodular.com\/app\/2021\/03\/05\/modular-construction-what-are-the-benefits-of-such-trend-for-the-sector\/\" target=\"_self\">\r\n                                Modular construction: what are the benefits of such trend for the sector?                            <\/a>\r\n                        <\/h2>\r\n                        <div class=\"cv-post-meta cv-meta-icon-show\">\r\n                            <span class=\"cv-post-tags-wrap cv-post-meta-item\"><span class=\"cv-post-tag\"><a href=\"https:\/\/www.arataumodular.com\/app\/tag\/beneficios-construcao-modular-en\/\">Benef\u00edcios constru\u00e7\u00e3o modular<\/a><\/span><span class=\"cv-post-tag\"><a href=\"https:\/\/www.arataumodular.com\/app\/tag\/construcao-civil-en\/\">Constru\u00e7\u00e3o civil<\/a><\/span><span class=\"cv-post-tag\"><a href=\"https:\/\/www.arataumodular.com\/app\/tag\/construcao-modular-en\/\">Constru\u00e7\u00e3o modular<\/a><\/span><span class=\"cv-post-tag\"><a href=\"https:\/\/www.arataumodular.com\/app\/tag\/modernidade-en\/\">Modernidade<\/a><\/span><span class=\"cv-post-tag\"><a href=\"https:\/\/www.arataumodular.com\/app\/tag\/prazo-en\/\">Prazo<\/a><\/span><span class=\"cv-post-tag\"><a href=\"https:\/\/www.arataumodular.com\/app\/tag\/rapidez-en\/\">Rapidez<\/a><\/span><span class=\"cv-post-tag\"><a href=\"https:\/\/www.arataumodular.com\/app\/tag\/sustentabilidade-en\/\">Sustentabilidade<\/a><\/span><span class=\"cv-post-tag\"><a href=\"https:\/\/www.arataumodular.com\/app\/tag\/tendencia-en\/\">Tend\u00eancia<\/a><\/span><span class=\"cv-post-tag\"><a href=\"https:\/\/www.arataumodular.com\/app\/tag\/vantagens-en\/\">Vantagens<\/a><\/span><\/span>                        <\/div>\r\n                        <div class=\"cv-post-content\" itemprop=\"description\">In civil construction, when we talk about optimizing operations, increasing safety standards and adding more quality to projects, the concept of modular construction has become&hellip;<\/div>                        <div class=\"cv-read-more\"><a href=https:\/\/www.arataumodular.com\/app\/2021\/03\/05\/modular-construction-what-are-the-benefits-of-such-trend-for-the-sector\/>Ler mais<i class=\"fas fa-arrow-right\"><\/i><\/a><\/div>                    <\/div><!-- .cv-post-right-wrap -->\r\n                <\/article>\r\n                        <article post-id=\"post-2820\" class=\"cv-post post-format--standard\" itemscope itemtype=\"http:\/\/schema.org\/articleBody\">\r\n                    <div class=\"cv-post-left-wrap\">\r\n                        <div class=\"cv-post-thumb\">\r\n                            <a href=\"https:\/\/www.arataumodular.com\/app\/2021\/03\/05\/a-new-boost-for-modular-construction-in-the-global-scenario\/\"><img decoding=\"async\" src=\"https:\/\/www.arataumodular.com\/app\/wp-content\/uploads\/2020\/12\/Voce-conhece-as-vantagens-de-uma-construcao-off-site-aratau.jpg\" alt=\"A new boost for modular construction in the global scenario\"\/><\/a>\r\n                        <\/div>\r\n                    <\/div><!-- .cv-post-left-wrap -->\r\n                    <div class=\"cv-post-right-wrap\">\r\n                        <div class=\"cv-post-cats-wrap\"><span class=\"cv-post-cat\"><a href=\"https:\/\/www.arataumodular.com\/app\/category\/english\/\">English<\/a><\/span><\/div>                        <h2 class=\"cv-post-title\">\r\n                            <a href=\"https:\/\/www.arataumodular.com\/app\/2021\/03\/05\/a-new-boost-for-modular-construction-in-the-global-scenario\/\" target=\"_self\">\r\n                                A new boost for modular construction in the global scenario                            <\/a>\r\n                        <\/h2>\r\n                        <div class=\"cv-post-meta cv-meta-icon-show\">\r\n                            <span class=\"cv-post-tags-wrap cv-post-meta-item\"><span class=\"cv-post-tag\"><a href=\"https:\/\/www.arataumodular.com\/app\/tag\/arquitetura-en\/\">Arquitetura<\/a><\/span><span class=\"cv-post-tag\"><a href=\"https:\/\/www.arataumodular.com\/app\/tag\/construcao-modular-en\/\">Constru\u00e7\u00e3o modular<\/a><\/span><span class=\"cv-post-tag\"><a href=\"https:\/\/www.arataumodular.com\/app\/tag\/construcao-modular-off-site-en\/\">Constru\u00e7\u00e3o modular off-site<\/a><\/span><span class=\"cv-post-tag\"><a href=\"https:\/\/www.arataumodular.com\/app\/tag\/flexibilidade-en\/\">Flexibilidade<\/a><\/span><span class=\"cv-post-tag\"><a href=\"https:\/\/www.arataumodular.com\/app\/tag\/mobilidade-en\/\">Mobilidade<\/a><\/span><span class=\"cv-post-tag\"><a href=\"https:\/\/www.arataumodular.com\/app\/tag\/modernidade-en\/\">Modernidade<\/a><\/span><span class=\"cv-post-tag\"><a href=\"https:\/\/www.arataumodular.com\/app\/tag\/prazo-en\/\">Prazo<\/a><\/span><span class=\"cv-post-tag\"><a href=\"https:\/\/www.arataumodular.com\/app\/tag\/sustentabilidade-en\/\">Sustentabilidade<\/a><\/span><span class=\"cv-post-tag\"><a href=\"https:\/\/www.arataumodular.com\/app\/tag\/vantagens-en\/\">Vantagens<\/a><\/span><\/span>                        <\/div>\r\n                        <div class=\"cv-post-content\" itemprop=\"description\">The modular construction has the potential to generate cost savings of up to 20%, depending on the competence of engineering, design and logistics solutions. In&hellip;<\/div>                        <div class=\"cv-read-more\"><a href=https:\/\/www.arataumodular.com\/app\/2021\/03\/05\/a-new-boost-for-modular-construction-in-the-global-scenario\/>Ler mais<i class=\"fas fa-arrow-right\"><\/i><\/a><\/div>                    <\/div><!-- .cv-post-right-wrap -->\r\n                <\/article>\r\n                        <article post-id=\"post-1199\" class=\"cv-post post-format--standard\" itemscope itemtype=\"http:\/\/schema.org\/articleBody\">\r\n                    <div class=\"cv-post-left-wrap\">\r\n                        <div class=\"cv-post-thumb\">\r\n                            <a href=\"https:\/\/www.arataumodular.com\/app\/2020\/12\/15\/modular-construction-off-site-report-2020-terracota-ventures\/\"><img decoding=\"async\" src=\"https:\/\/www.arataumodular.com\/app\/wp-content\/uploads\/2020\/12\/Construcao-Modular-Off-Site-Report-2020-Terracota-Ventures.jpg\" alt=\"Modular Construction Off-Site Report 2020: Terracota Ventures\"\/><\/a>\r\n                        <\/div>\r\n                    <\/div><!-- .cv-post-left-wrap -->\r\n                    <div class=\"cv-post-right-wrap\">\r\n                        <div class=\"cv-post-cats-wrap\"><span class=\"cv-post-cat\"><a href=\"https:\/\/www.arataumodular.com\/app\/category\/english\/\">English<\/a><\/span><\/div>                        <h2 class=\"cv-post-title\">\r\n                            <a href=\"https:\/\/www.arataumodular.com\/app\/2020\/12\/15\/modular-construction-off-site-report-2020-terracota-ventures\/\" target=\"_self\">\r\n                                Modular Construction Off-Site Report 2020: Terracota Ventures                            <\/a>\r\n                        <\/h2>\r\n                        <div class=\"cv-post-meta cv-meta-icon-show\">\r\n                            <span class=\"cv-post-tags-wrap cv-post-meta-item\"><span class=\"cv-post-tag\"><a href=\"https:\/\/www.arataumodular.com\/app\/tag\/beneficios-construcao-modular-en\/\">Benef\u00edcios constru\u00e7\u00e3o modular<\/a><\/span><span class=\"cv-post-tag\"><a href=\"https:\/\/www.arataumodular.com\/app\/tag\/casa-modular-en\/\">Casa modular<\/a><\/span><span class=\"cv-post-tag\"><a href=\"https:\/\/www.arataumodular.com\/app\/tag\/construcao-civil-en\/\">Constru\u00e7\u00e3o civil<\/a><\/span><span class=\"cv-post-tag\"><a href=\"https:\/\/www.arataumodular.com\/app\/tag\/construcao-modular-en\/\">Constru\u00e7\u00e3o modular<\/a><\/span><span class=\"cv-post-tag\"><a href=\"https:\/\/www.arataumodular.com\/app\/tag\/construcao-modular-no-brasil-en\/\">Constru\u00e7\u00e3o modular no Brasil<\/a><\/span><\/span>                        <\/div>\r\n                        <div class=\"cv-post-content\" itemprop=\"description\">Today, MITHUB released a report on modular construction, conducted by Terracotta Ventures, showing its status in the world and in Brazil. In line with what&hellip;<\/div>                        <div class=\"cv-read-more\"><a href=https:\/\/www.arataumodular.com\/app\/2020\/12\/15\/modular-construction-off-site-report-2020-terracota-ventures\/>Ler mais<i class=\"fas fa-arrow-right\"><\/i><\/a><\/div>                    <\/div><!-- .cv-post-right-wrap -->\r\n                <\/article>\r\n            <\/div><\/div>\t\t\t\t<\/div>\n\t\t\t\t<\/div>\n\t\t\t\t\t<\/div>\n\t\t<\/div>\n\t\t\t\t\t<\/div>\n\t\t<\/section>\n\t\t\t\t<\/div>\n\t\t","protected":false},"excerpt":{"rendered":"<p>English The Largest Modular Building in the World Tower B2, in New York, is the tallest modular building in the world. With 32 floors and 363 apartments built with modular [&hellip;]<\/p>\n","protected":false},"author":1,"featured_media":0,"parent":0,"menu_order":0,"comment_status":"closed","ping_status":"closed","template":"","meta":{"footnotes":""},"class_list":["post-2815","page","type-page","status-publish","hentry"],"yoast_head":"<!-- This site is optimized with the Yoast SEO plugin v27.5 - https:\/\/yoast.com\/product\/yoast-seo-wordpress\/ -->\n<title>Blog-en - ARATAU Constru\u00e7\u00e3o Modular \u2013 Constru\u00e7\u00e3o Modular e Servi\u00e7os de Pr\u00e9-Constru\u00e7\u00e3o<\/title>\n<meta name=\"robots\" content=\"index, follow, max-snippet:-1, max-image-preview:large, max-video-preview:-1\" \/>\n<link rel=\"canonical\" href=\"https:\/\/www.arataumodular.com\/app\/blog-en\/\" \/>\n<meta property=\"og:locale\" content=\"pt_BR\" \/>\n<meta property=\"og:type\" content=\"article\" \/>\n<meta property=\"og:title\" content=\"Blog-en - ARATAU Constru\u00e7\u00e3o Modular \u2013 Constru\u00e7\u00e3o Modular e Servi\u00e7os de Pr\u00e9-Constru\u00e7\u00e3o\" \/>\n<meta property=\"og:description\" content=\"English The Largest Modular Building in the World Tower B2, in New York, is the tallest modular building in the world. With 32 floors and 363 apartments built with modular [&hellip;]\" \/>\n<meta property=\"og:url\" content=\"https:\/\/www.arataumodular.com\/app\/blog-en\/\" \/>\n<meta property=\"og:site_name\" content=\"ARATAU Constru\u00e7\u00e3o Modular \u2013 Constru\u00e7\u00e3o Modular e Servi\u00e7os de Pr\u00e9-Constru\u00e7\u00e3o\" \/>\n<meta property=\"article:modified_time\" content=\"2021-03-10T17:37:37+00:00\" \/>\n<meta property=\"og:image\" content=\"https:\/\/www.arataumodular.com\/app\/wp-content\/uploads\/2020\/12\/O-Maior-Edificio-Modular-do-Mundo-aratau.png\" \/>\n<meta name=\"twitter:card\" content=\"summary_large_image\" \/>\n<meta name=\"twitter:label1\" content=\"Est. tempo de leitura\" \/>\n\t<meta name=\"twitter:data1\" content=\"1 minuto\" \/>\n<script type=\"application\/ld+json\" class=\"yoast-schema-graph\">{\"@context\":\"https:\\\/\\\/schema.org\",\"@graph\":[{\"@type\":\"WebPage\",\"@id\":\"https:\\\/\\\/www.arataumodular.com\\\/app\\\/blog-en\\\/\",\"url\":\"https:\\\/\\\/www.arataumodular.com\\\/app\\\/blog-en\\\/\",\"name\":\"Blog-en - ARATAU Constru\u00e7\u00e3o Modular \u2013 Constru\u00e7\u00e3o Modular e Servi\u00e7os de Pr\u00e9-Constru\u00e7\u00e3o\",\"isPartOf\":{\"@id\":\"https:\\\/\\\/www.arataumodular.com\\\/app\\\/#website\"},\"primaryImageOfPage\":{\"@id\":\"https:\\\/\\\/www.arataumodular.com\\\/app\\\/blog-en\\\/#primaryimage\"},\"image\":{\"@id\":\"https:\\\/\\\/www.arataumodular.com\\\/app\\\/blog-en\\\/#primaryimage\"},\"thumbnailUrl\":\"https:\\\/\\\/www.arataumodular.com\\\/app\\\/wp-content\\\/uploads\\\/2020\\\/12\\\/O-Maior-Edificio-Modular-do-Mundo-aratau.png\",\"datePublished\":\"2020-12-14T16:35:02+00:00\",\"dateModified\":\"2021-03-10T17:37:37+00:00\",\"breadcrumb\":{\"@id\":\"https:\\\/\\\/www.arataumodular.com\\\/app\\\/blog-en\\\/#breadcrumb\"},\"inLanguage\":\"pt-BR\",\"potentialAction\":[{\"@type\":\"ReadAction\",\"target\":[\"https:\\\/\\\/www.arataumodular.com\\\/app\\\/blog-en\\\/\"]}]},{\"@type\":\"ImageObject\",\"inLanguage\":\"pt-BR\",\"@id\":\"https:\\\/\\\/www.arataumodular.com\\\/app\\\/blog-en\\\/#primaryimage\",\"url\":\"https:\\\/\\\/www.arataumodular.com\\\/app\\\/wp-content\\\/uploads\\\/2020\\\/12\\\/O-Maior-Edificio-Modular-do-Mundo-aratau.png\",\"contentUrl\":\"https:\\\/\\\/www.arataumodular.com\\\/app\\\/wp-content\\\/uploads\\\/2020\\\/12\\\/O-Maior-Edificio-Modular-do-Mundo-aratau.png\",\"width\":1280,\"height\":720,\"caption\":\"O-Maior-Edif\u00edcio-Modular-do-Mundo-aratau\"},{\"@type\":\"BreadcrumbList\",\"@id\":\"https:\\\/\\\/www.arataumodular.com\\\/app\\\/blog-en\\\/#breadcrumb\",\"itemListElement\":[{\"@type\":\"ListItem\",\"position\":1,\"name\":\"In\u00edcio\",\"item\":\"https:\\\/\\\/www.arataumodular.com\\\/app\\\/\"},{\"@type\":\"ListItem\",\"position\":2,\"name\":\"Blog-en\"}]},{\"@type\":\"WebSite\",\"@id\":\"https:\\\/\\\/www.arataumodular.com\\\/app\\\/#website\",\"url\":\"https:\\\/\\\/www.arataumodular.com\\\/app\\\/\",\"name\":\"ARATAU Constru\u00e7\u00e3o Modular \u2013 Constru\u00e7\u00e3o Modular e Servi\u00e7os de Pr\u00e9-Constru\u00e7\u00e3o\",\"description\":\"A Aratau Constru\u00e7\u00e3o Modular \u00e9 uma empresa inovadora, com solu\u00e7\u00f5es inteligentes de pr\u00e9-constru\u00e7\u00e3o e de constru\u00e7\u00e3o modular\",\"publisher\":{\"@id\":\"https:\\\/\\\/www.arataumodular.com\\\/app\\\/#organization\"},\"potentialAction\":[{\"@type\":\"SearchAction\",\"target\":{\"@type\":\"EntryPoint\",\"urlTemplate\":\"https:\\\/\\\/www.arataumodular.com\\\/app\\\/?s={search_term_string}\"},\"query-input\":{\"@type\":\"PropertyValueSpecification\",\"valueRequired\":true,\"valueName\":\"search_term_string\"}}],\"inLanguage\":\"pt-BR\"},{\"@type\":\"Organization\",\"@id\":\"https:\\\/\\\/www.arataumodular.com\\\/app\\\/#organization\",\"name\":\"ARATAU Constru\u00e7\u00e3o Modular \u2013 Constru\u00e7\u00e3o Modular e Servi\u00e7os de Pr\u00e9-Constru\u00e7\u00e3o\",\"url\":\"https:\\\/\\\/www.arataumodular.com\\\/app\\\/\",\"logo\":{\"@type\":\"ImageObject\",\"inLanguage\":\"pt-BR\",\"@id\":\"https:\\\/\\\/www.arataumodular.com\\\/app\\\/#\\\/schema\\\/logo\\\/image\\\/\",\"url\":\"https:\\\/\\\/www.arataumodular.com\\\/app\\\/wp-content\\\/uploads\\\/2020\\\/12\\\/logo-aratau.svg\",\"contentUrl\":\"https:\\\/\\\/www.arataumodular.com\\\/app\\\/wp-content\\\/uploads\\\/2020\\\/12\\\/logo-aratau.svg\",\"width\":1000,\"height\":448,\"caption\":\"ARATAU Constru\u00e7\u00e3o Modular \u2013 Constru\u00e7\u00e3o Modular e Servi\u00e7os de Pr\u00e9-Constru\u00e7\u00e3o\"},\"image\":{\"@id\":\"https:\\\/\\\/www.arataumodular.com\\\/app\\\/#\\\/schema\\\/logo\\\/image\\\/\"}}]}<\/script>\n<!-- \/ Yoast SEO plugin. -->","yoast_head_json":{"title":"Blog-en - ARATAU Constru\u00e7\u00e3o Modular \u2013 Constru\u00e7\u00e3o Modular e Servi\u00e7os de Pr\u00e9-Constru\u00e7\u00e3o","robots":{"index":"index","follow":"follow","max-snippet":"max-snippet:-1","max-image-preview":"max-image-preview:large","max-video-preview":"max-video-preview:-1"},"canonical":"https:\/\/www.arataumodular.com\/app\/blog-en\/","og_locale":"pt_BR","og_type":"article","og_title":"Blog-en - ARATAU Constru\u00e7\u00e3o Modular \u2013 Constru\u00e7\u00e3o Modular e Servi\u00e7os de Pr\u00e9-Constru\u00e7\u00e3o","og_description":"English The Largest Modular Building in the World Tower B2, in New York, is the tallest modular building in the world. With 32 floors and 363 apartments built with modular [&hellip;]","og_url":"https:\/\/www.arataumodular.com\/app\/blog-en\/","og_site_name":"ARATAU Constru\u00e7\u00e3o Modular \u2013 Constru\u00e7\u00e3o Modular e Servi\u00e7os de Pr\u00e9-Constru\u00e7\u00e3o","article_modified_time":"2021-03-10T17:37:37+00:00","og_image":[{"url":"https:\/\/www.arataumodular.com\/app\/wp-content\/uploads\/2020\/12\/O-Maior-Edificio-Modular-do-Mundo-aratau.png","type":"","width":"","height":""}],"twitter_card":"summary_large_image","twitter_misc":{"Est. tempo de leitura":"1 minuto"},"schema":{"@context":"https:\/\/schema.org","@graph":[{"@type":"WebPage","@id":"https:\/\/www.arataumodular.com\/app\/blog-en\/","url":"https:\/\/www.arataumodular.com\/app\/blog-en\/","name":"Blog-en - ARATAU Constru\u00e7\u00e3o Modular \u2013 Constru\u00e7\u00e3o Modular e Servi\u00e7os de Pr\u00e9-Constru\u00e7\u00e3o","isPartOf":{"@id":"https:\/\/www.arataumodular.com\/app\/#website"},"primaryImageOfPage":{"@id":"https:\/\/www.arataumodular.com\/app\/blog-en\/#primaryimage"},"image":{"@id":"https:\/\/www.arataumodular.com\/app\/blog-en\/#primaryimage"},"thumbnailUrl":"https:\/\/www.arataumodular.com\/app\/wp-content\/uploads\/2020\/12\/O-Maior-Edificio-Modular-do-Mundo-aratau.png","datePublished":"2020-12-14T16:35:02+00:00","dateModified":"2021-03-10T17:37:37+00:00","breadcrumb":{"@id":"https:\/\/www.arataumodular.com\/app\/blog-en\/#breadcrumb"},"inLanguage":"pt-BR","potentialAction":[{"@type":"ReadAction","target":["https:\/\/www.arataumodular.com\/app\/blog-en\/"]}]},{"@type":"ImageObject","inLanguage":"pt-BR","@id":"https:\/\/www.arataumodular.com\/app\/blog-en\/#primaryimage","url":"https:\/\/www.arataumodular.com\/app\/wp-content\/uploads\/2020\/12\/O-Maior-Edificio-Modular-do-Mundo-aratau.png","contentUrl":"https:\/\/www.arataumodular.com\/app\/wp-content\/uploads\/2020\/12\/O-Maior-Edificio-Modular-do-Mundo-aratau.png","width":1280,"height":720,"caption":"O-Maior-Edif\u00edcio-Modular-do-Mundo-aratau"},{"@type":"BreadcrumbList","@id":"https:\/\/www.arataumodular.com\/app\/blog-en\/#breadcrumb","itemListElement":[{"@type":"ListItem","position":1,"name":"In\u00edcio","item":"https:\/\/www.arataumodular.com\/app\/"},{"@type":"ListItem","position":2,"name":"Blog-en"}]},{"@type":"WebSite","@id":"https:\/\/www.arataumodular.com\/app\/#website","url":"https:\/\/www.arataumodular.com\/app\/","name":"ARATAU Constru\u00e7\u00e3o Modular \u2013 Constru\u00e7\u00e3o Modular e Servi\u00e7os de Pr\u00e9-Constru\u00e7\u00e3o","description":"A Aratau Constru\u00e7\u00e3o Modular \u00e9 uma empresa inovadora, com solu\u00e7\u00f5es inteligentes de pr\u00e9-constru\u00e7\u00e3o e de constru\u00e7\u00e3o modular","publisher":{"@id":"https:\/\/www.arataumodular.com\/app\/#organization"},"potentialAction":[{"@type":"SearchAction","target":{"@type":"EntryPoint","urlTemplate":"https:\/\/www.arataumodular.com\/app\/?s={search_term_string}"},"query-input":{"@type":"PropertyValueSpecification","valueRequired":true,"valueName":"search_term_string"}}],"inLanguage":"pt-BR"},{"@type":"Organization","@id":"https:\/\/www.arataumodular.com\/app\/#organization","name":"ARATAU Constru\u00e7\u00e3o Modular \u2013 Constru\u00e7\u00e3o Modular e Servi\u00e7os de Pr\u00e9-Constru\u00e7\u00e3o","url":"https:\/\/www.arataumodular.com\/app\/","logo":{"@type":"ImageObject","inLanguage":"pt-BR","@id":"https:\/\/www.arataumodular.com\/app\/#\/schema\/logo\/image\/","url":"https:\/\/www.arataumodular.com\/app\/wp-content\/uploads\/2020\/12\/logo-aratau.svg","contentUrl":"https:\/\/www.arataumodular.com\/app\/wp-content\/uploads\/2020\/12\/logo-aratau.svg","width":1000,"height":448,"caption":"ARATAU Constru\u00e7\u00e3o Modular \u2013 Constru\u00e7\u00e3o Modular e Servi\u00e7os de Pr\u00e9-Constru\u00e7\u00e3o"},"image":{"@id":"https:\/\/www.arataumodular.com\/app\/#\/schema\/logo\/image\/"}}]}},"blog_post_layout_featured_media_urls":{"thumbnail":"","full":""},"categories_names":null,"comments_number":"0","_links":{"self":[{"href":"https:\/\/www.arataumodular.com\/app\/wp-json\/wp\/v2\/pages\/2815","targetHints":{"allow":["GET"]}}],"collection":[{"href":"https:\/\/www.arataumodular.com\/app\/wp-json\/wp\/v2\/pages"}],"about":[{"href":"https:\/\/www.arataumodular.com\/app\/wp-json\/wp\/v2\/types\/page"}],"author":[{"embeddable":true,"href":"https:\/\/www.arataumodular.com\/app\/wp-json\/wp\/v2\/users\/1"}],"replies":[{"embeddable":true,"href":"https:\/\/www.arataumodular.com\/app\/wp-json\/wp\/v2\/comments?post=2815"}],"version-history":[{"count":7,"href":"https:\/\/www.arataumodular.com\/app\/wp-json\/wp\/v2\/pages\/2815\/revisions"}],"predecessor-version":[{"id":3295,"href":"https:\/\/www.arataumodular.com\/app\/wp-json\/wp\/v2\/pages\/2815\/revisions\/3295"}],"wp:attachment":[{"href":"https:\/\/www.arataumodular.com\/app\/wp-json\/wp\/v2\/media?parent=2815"}],"curies":[{"name":"wp","href":"https:\/\/api.w.org\/{rel}","templated":true}]}}