{"id":3453,"date":"2021-04-22T17:34:36","date_gmt":"2021-04-22T20:34:36","guid":{"rendered":"https:\/\/www.arataumodular.com\/app\/?post_type=tribe_events&#038;p=3453"},"modified":"2021-05-11T20:06:08","modified_gmt":"2021-05-11T23:06:08","slug":"aula-de-13-03-2021-instituto-itie","status":"publish","type":"tribe_events","link":"https:\/\/www.arataumodular.com\/app\/event\/aula-de-13-03-2021-instituto-itie\/","title":{"rendered":"Aula Instituto ITIE 13\/03\/2021"},"content":{"rendered":"<p>Constru\u00e7\u00e3o modular, Pr\u00e9-constru\u00e7\u00e3o e Fast Construction<br \/>\nProf. Paulo Oliveira, CEO da ARATAU<\/p>\n","protected":false},"excerpt":{"rendered":"<p>Constru\u00e7\u00e3o modular, Pr\u00e9-constru\u00e7\u00e3o e Fast Construction<br \/>\nProf. Paulo Oliveira, CEO da ARATAU<\/p>\n","protected":false},"author":1,"featured_media":3454,"template":"","meta":{"_tribe_events_status":"","_tribe_events_status_reason":"","footnotes":""},"tags":[220,212,213,214,215,216,218,221,223,224,219,225,217,222,21,15],"tribe_events_cat":[204],"class_list":["post-3453","tribe_events","type-tribe_events","status-publish","has-post-thumbnail","hentry","tag-bim","tag-construcaocivil","tag-construcaomodular","tag-construcaooffsite","tag-construcaooindustrializada","tag-engenhariacivil","tag-engenhariaeanalisedovalor","tag-fastconstruction","tag-inovacao","tag-obras","tag-preconstrucao","tag-projetos","tag-sistemasconstrutuivos","tag-tecnologia","tag-arquitetura","tag-sustentabilidade","tribe_events_cat-eventos","cat_eventos"],"yoast_head":"<!-- This site is optimized with the Yoast SEO plugin v27.5 - https:\/\/yoast.com\/product\/yoast-seo-wordpress\/ -->\n<title>Aula Instituto ITIE 13\/03\/2021 - ARATAU Constru\u00e7\u00e3o Modular \u2013 Constru\u00e7\u00e3o Modular e Servi\u00e7os de Pr\u00e9-Constru\u00e7\u00e3o<\/title>\n<meta name=\"robots\" content=\"index, follow, max-snippet:-1, max-image-preview:large, max-video-preview:-1\" \/>\n<link rel=\"canonical\" href=\"https:\/\/www.arataumodular.com\/app\/event\/aula-de-13-03-2021-instituto-itie\/\" \/>\n<meta property=\"og:locale\" content=\"pt_BR\" \/>\n<meta property=\"og:type\" content=\"article\" \/>\n<meta property=\"og:title\" content=\"Aula Instituto ITIE 13\/03\/2021 - ARATAU Constru\u00e7\u00e3o Modular \u2013 Constru\u00e7\u00e3o Modular e Servi\u00e7os de Pr\u00e9-Constru\u00e7\u00e3o\" \/>\n<meta property=\"og:description\" content=\"Constru\u00e7\u00e3o modular, Pr\u00e9-constru\u00e7\u00e3o e Fast Construction Prof. Paulo Oliveira, CEO da ARATAU\" \/>\n<meta property=\"og:url\" content=\"https:\/\/www.arataumodular.com\/app\/event\/aula-de-13-03-2021-instituto-itie\/\" \/>\n<meta property=\"og:site_name\" content=\"ARATAU Constru\u00e7\u00e3o Modular \u2013 Constru\u00e7\u00e3o Modular e Servi\u00e7os de Pr\u00e9-Constru\u00e7\u00e3o\" \/>\n<meta property=\"article:modified_time\" content=\"2021-05-11T23:06:08+00:00\" \/>\n<meta property=\"og:image\" content=\"https:\/\/www.arataumodular.com\/app\/wp-content\/uploads\/2021\/04\/WhatsApp-Image-2021-04-22-at-14.09.16.jpeg\" \/>\n\t<meta property=\"og:image:width\" content=\"1280\" \/>\n\t<meta property=\"og:image:height\" content=\"713\" \/>\n\t<meta property=\"og:image:type\" content=\"image\/jpeg\" \/>\n<meta name=\"twitter:card\" content=\"summary_large_image\" \/>\n<meta name=\"twitter:label1\" content=\"Est. tempo de leitura\" \/>\n\t<meta name=\"twitter:data1\" content=\"1 minuto\" \/>\n<script type=\"application\/ld+json\" class=\"yoast-schema-graph\">{\"@context\":\"https:\\\/\\\/schema.org\",\"@graph\":[{\"@type\":\"WebPage\",\"@id\":\"https:\\\/\\\/www.arataumodular.com\\\/app\\\/event\\\/aula-de-13-03-2021-instituto-itie\\\/\",\"url\":\"https:\\\/\\\/www.arataumodular.com\\\/app\\\/event\\\/aula-de-13-03-2021-instituto-itie\\\/\",\"name\":\"Aula Instituto ITIE 13\\\/03\\\/2021 - ARATAU Constru\u00e7\u00e3o Modular \u2013 Constru\u00e7\u00e3o Modular e Servi\u00e7os de Pr\u00e9-Constru\u00e7\u00e3o\",\"isPartOf\":{\"@id\":\"https:\\\/\\\/www.arataumodular.com\\\/app\\\/#website\"},\"primaryImageOfPage\":{\"@id\":\"https:\\\/\\\/www.arataumodular.com\\\/app\\\/event\\\/aula-de-13-03-2021-instituto-itie\\\/#primaryimage\"},\"image\":{\"@id\":\"https:\\\/\\\/www.arataumodular.com\\\/app\\\/event\\\/aula-de-13-03-2021-instituto-itie\\\/#primaryimage\"},\"thumbnailUrl\":\"https:\\\/\\\/www.arataumodular.com\\\/app\\\/wp-content\\\/uploads\\\/2021\\\/04\\\/WhatsApp-Image-2021-04-22-at-14.09.16.jpeg\",\"datePublished\":\"2021-04-22T20:34:36+00:00\",\"dateModified\":\"2021-05-11T23:06:08+00:00\",\"breadcrumb\":{\"@id\":\"https:\\\/\\\/www.arataumodular.com\\\/app\\\/event\\\/aula-de-13-03-2021-instituto-itie\\\/#breadcrumb\"},\"inLanguage\":\"pt-BR\",\"potentialAction\":[{\"@type\":\"ReadAction\",\"target\":[\"https:\\\/\\\/www.arataumodular.com\\\/app\\\/event\\\/aula-de-13-03-2021-instituto-itie\\\/\"]}]},{\"@type\":\"ImageObject\",\"inLanguage\":\"pt-BR\",\"@id\":\"https:\\\/\\\/www.arataumodular.com\\\/app\\\/event\\\/aula-de-13-03-2021-instituto-itie\\\/#primaryimage\",\"url\":\"https:\\\/\\\/www.arataumodular.com\\\/app\\\/wp-content\\\/uploads\\\/2021\\\/04\\\/WhatsApp-Image-2021-04-22-at-14.09.16.jpeg\",\"contentUrl\":\"https:\\\/\\\/www.arataumodular.com\\\/app\\\/wp-content\\\/uploads\\\/2021\\\/04\\\/WhatsApp-Image-2021-04-22-at-14.09.16.jpeg\",\"width\":1280,\"height\":713},{\"@type\":\"BreadcrumbList\",\"@id\":\"https:\\\/\\\/www.arataumodular.com\\\/app\\\/event\\\/aula-de-13-03-2021-instituto-itie\\\/#breadcrumb\",\"itemListElement\":[{\"@type\":\"ListItem\",\"position\":1,\"name\":\"In\u00edcio\",\"item\":\"https:\\\/\\\/www.arataumodular.com\\\/app\\\/\"},{\"@type\":\"ListItem\",\"position\":2,\"name\":\"Eventos\",\"item\":\"https:\\\/\\\/www.arataumodular.com\\\/app\\\/events\\\/\"},{\"@type\":\"ListItem\",\"position\":3,\"name\":\"Aula Instituto ITIE 13\\\/03\\\/2021\"}]},{\"@type\":\"WebSite\",\"@id\":\"https:\\\/\\\/www.arataumodular.com\\\/app\\\/#website\",\"url\":\"https:\\\/\\\/www.arataumodular.com\\\/app\\\/\",\"name\":\"ARATAU Constru\u00e7\u00e3o Modular \u2013 Constru\u00e7\u00e3o Modular e Servi\u00e7os de Pr\u00e9-Constru\u00e7\u00e3o\",\"description\":\"A Aratau Constru\u00e7\u00e3o Modular \u00e9 uma empresa inovadora, com solu\u00e7\u00f5es inteligentes de pr\u00e9-constru\u00e7\u00e3o e de constru\u00e7\u00e3o modular\",\"publisher\":{\"@id\":\"https:\\\/\\\/www.arataumodular.com\\\/app\\\/#organization\"},\"potentialAction\":[{\"@type\":\"SearchAction\",\"target\":{\"@type\":\"EntryPoint\",\"urlTemplate\":\"https:\\\/\\\/www.arataumodular.com\\\/app\\\/?s={search_term_string}\"},\"query-input\":{\"@type\":\"PropertyValueSpecification\",\"valueRequired\":true,\"valueName\":\"search_term_string\"}}],\"inLanguage\":\"pt-BR\"},{\"@type\":\"Organization\",\"@id\":\"https:\\\/\\\/www.arataumodular.com\\\/app\\\/#organization\",\"name\":\"ARATAU Constru\u00e7\u00e3o Modular \u2013 Constru\u00e7\u00e3o Modular e Servi\u00e7os de Pr\u00e9-Constru\u00e7\u00e3o\",\"url\":\"https:\\\/\\\/www.arataumodular.com\\\/app\\\/\",\"logo\":{\"@type\":\"ImageObject\",\"inLanguage\":\"pt-BR\",\"@id\":\"https:\\\/\\\/www.arataumodular.com\\\/app\\\/#\\\/schema\\\/logo\\\/image\\\/\",\"url\":\"https:\\\/\\\/www.arataumodular.com\\\/app\\\/wp-content\\\/uploads\\\/2020\\\/12\\\/logo-aratau.svg\",\"contentUrl\":\"https:\\\/\\\/www.arataumodular.com\\\/app\\\/wp-content\\\/uploads\\\/2020\\\/12\\\/logo-aratau.svg\",\"width\":1000,\"height\":448,\"caption\":\"ARATAU Constru\u00e7\u00e3o Modular \u2013 Constru\u00e7\u00e3o Modular e Servi\u00e7os de Pr\u00e9-Constru\u00e7\u00e3o\"},\"image\":{\"@id\":\"https:\\\/\\\/www.arataumodular.com\\\/app\\\/#\\\/schema\\\/logo\\\/image\\\/\"}}]}<\/script>\n<!-- \/ Yoast SEO plugin. -->","yoast_head_json":{"title":"Aula Instituto ITIE 13\/03\/2021 - ARATAU Constru\u00e7\u00e3o Modular \u2013 Constru\u00e7\u00e3o Modular e Servi\u00e7os de Pr\u00e9-Constru\u00e7\u00e3o","robots":{"index":"index","follow":"follow","max-snippet":"max-snippet:-1","max-image-preview":"max-image-preview:large","max-video-preview":"max-video-preview:-1"},"canonical":"https:\/\/www.arataumodular.com\/app\/event\/aula-de-13-03-2021-instituto-itie\/","og_locale":"pt_BR","og_type":"article","og_title":"Aula Instituto ITIE 13\/03\/2021 - ARATAU Constru\u00e7\u00e3o Modular \u2013 Constru\u00e7\u00e3o Modular e Servi\u00e7os de Pr\u00e9-Constru\u00e7\u00e3o","og_description":"Constru\u00e7\u00e3o modular, Pr\u00e9-constru\u00e7\u00e3o e Fast Construction Prof. Paulo Oliveira, CEO da ARATAU","og_url":"https:\/\/www.arataumodular.com\/app\/event\/aula-de-13-03-2021-instituto-itie\/","og_site_name":"ARATAU Constru\u00e7\u00e3o Modular \u2013 Constru\u00e7\u00e3o Modular e Servi\u00e7os de Pr\u00e9-Constru\u00e7\u00e3o","article_modified_time":"2021-05-11T23:06:08+00:00","og_image":[{"width":1280,"height":713,"url":"https:\/\/www.arataumodular.com\/app\/wp-content\/uploads\/2021\/04\/WhatsApp-Image-2021-04-22-at-14.09.16.jpeg","type":"image\/jpeg"}],"twitter_card":"summary_large_image","twitter_misc":{"Est. tempo de leitura":"1 minuto"},"schema":{"@context":"https:\/\/schema.org","@graph":[{"@type":"WebPage","@id":"https:\/\/www.arataumodular.com\/app\/event\/aula-de-13-03-2021-instituto-itie\/","url":"https:\/\/www.arataumodular.com\/app\/event\/aula-de-13-03-2021-instituto-itie\/","name":"Aula Instituto ITIE 13\/03\/2021 - ARATAU Constru\u00e7\u00e3o Modular \u2013 Constru\u00e7\u00e3o Modular e Servi\u00e7os de Pr\u00e9-Constru\u00e7\u00e3o","isPartOf":{"@id":"https:\/\/www.arataumodular.com\/app\/#website"},"primaryImageOfPage":{"@id":"https:\/\/www.arataumodular.com\/app\/event\/aula-de-13-03-2021-instituto-itie\/#primaryimage"},"image":{"@id":"https:\/\/www.arataumodular.com\/app\/event\/aula-de-13-03-2021-instituto-itie\/#primaryimage"},"thumbnailUrl":"https:\/\/www.arataumodular.com\/app\/wp-content\/uploads\/2021\/04\/WhatsApp-Image-2021-04-22-at-14.09.16.jpeg","datePublished":"2021-04-22T20:34:36+00:00","dateModified":"2021-05-11T23:06:08+00:00","breadcrumb":{"@id":"https:\/\/www.arataumodular.com\/app\/event\/aula-de-13-03-2021-instituto-itie\/#breadcrumb"},"inLanguage":"pt-BR","potentialAction":[{"@type":"ReadAction","target":["https:\/\/www.arataumodular.com\/app\/event\/aula-de-13-03-2021-instituto-itie\/"]}]},{"@type":"ImageObject","inLanguage":"pt-BR","@id":"https:\/\/www.arataumodular.com\/app\/event\/aula-de-13-03-2021-instituto-itie\/#primaryimage","url":"https:\/\/www.arataumodular.com\/app\/wp-content\/uploads\/2021\/04\/WhatsApp-Image-2021-04-22-at-14.09.16.jpeg","contentUrl":"https:\/\/www.arataumodular.com\/app\/wp-content\/uploads\/2021\/04\/WhatsApp-Image-2021-04-22-at-14.09.16.jpeg","width":1280,"height":713},{"@type":"BreadcrumbList","@id":"https:\/\/www.arataumodular.com\/app\/event\/aula-de-13-03-2021-instituto-itie\/#breadcrumb","itemListElement":[{"@type":"ListItem","position":1,"name":"In\u00edcio","item":"https:\/\/www.arataumodular.com\/app\/"},{"@type":"ListItem","position":2,"name":"Eventos","item":"https:\/\/www.arataumodular.com\/app\/events\/"},{"@type":"ListItem","position":3,"name":"Aula Instituto ITIE 13\/03\/2021"}]},{"@type":"WebSite","@id":"https:\/\/www.arataumodular.com\/app\/#website","url":"https:\/\/www.arataumodular.com\/app\/","name":"ARATAU Constru\u00e7\u00e3o Modular \u2013 Constru\u00e7\u00e3o Modular e Servi\u00e7os de Pr\u00e9-Constru\u00e7\u00e3o","description":"A Aratau Constru\u00e7\u00e3o Modular \u00e9 uma empresa inovadora, com solu\u00e7\u00f5es inteligentes de pr\u00e9-constru\u00e7\u00e3o e de constru\u00e7\u00e3o modular","publisher":{"@id":"https:\/\/www.arataumodular.com\/app\/#organization"},"potentialAction":[{"@type":"SearchAction","target":{"@type":"EntryPoint","urlTemplate":"https:\/\/www.arataumodular.com\/app\/?s={search_term_string}"},"query-input":{"@type":"PropertyValueSpecification","valueRequired":true,"valueName":"search_term_string"}}],"inLanguage":"pt-BR"},{"@type":"Organization","@id":"https:\/\/www.arataumodular.com\/app\/#organization","name":"ARATAU Constru\u00e7\u00e3o Modular \u2013 Constru\u00e7\u00e3o Modular e Servi\u00e7os de Pr\u00e9-Constru\u00e7\u00e3o","url":"https:\/\/www.arataumodular.com\/app\/","logo":{"@type":"ImageObject","inLanguage":"pt-BR","@id":"https:\/\/www.arataumodular.com\/app\/#\/schema\/logo\/image\/","url":"https:\/\/www.arataumodular.com\/app\/wp-content\/uploads\/2020\/12\/logo-aratau.svg","contentUrl":"https:\/\/www.arataumodular.com\/app\/wp-content\/uploads\/2020\/12\/logo-aratau.svg","width":1000,"height":448,"caption":"ARATAU Constru\u00e7\u00e3o Modular \u2013 Constru\u00e7\u00e3o Modular e Servi\u00e7os de Pr\u00e9-Constru\u00e7\u00e3o"},"image":{"@id":"https:\/\/www.arataumodular.com\/app\/#\/schema\/logo\/image\/"}}]}},"blog_post_layout_featured_media_urls":{"thumbnail":["https:\/\/www.arataumodular.com\/app\/wp-content\/uploads\/2021\/04\/WhatsApp-Image-2021-04-22-at-14.09.16-150x150.jpeg",150,150,true],"full":["https:\/\/www.arataumodular.com\/app\/wp-content\/uploads\/2021\/04\/WhatsApp-Image-2021-04-22-at-14.09.16.jpeg",1280,713,false]},"categories":null,"categories_names":null,"comments_number":"0","_links":{"self":[{"href":"https:\/\/www.arataumodular.com\/app\/wp-json\/wp\/v2\/tribe_events\/3453","targetHints":{"allow":["GET"]}}],"collection":[{"href":"https:\/\/www.arataumodular.com\/app\/wp-json\/wp\/v2\/tribe_events"}],"about":[{"href":"https:\/\/www.arataumodular.com\/app\/wp-json\/wp\/v2\/types\/tribe_events"}],"author":[{"embeddable":true,"href":"https:\/\/www.arataumodular.com\/app\/wp-json\/wp\/v2\/users\/1"}],"version-history":[{"count":5,"href":"https:\/\/www.arataumodular.com\/app\/wp-json\/wp\/v2\/tribe_events\/3453\/revisions"}],"predecessor-version":[{"id":3540,"href":"https:\/\/www.arataumodular.com\/app\/wp-json\/wp\/v2\/tribe_events\/3453\/revisions\/3540"}],"wp:featuredmedia":[{"embeddable":true,"href":"https:\/\/www.arataumodular.com\/app\/wp-json\/wp\/v2\/media\/3454"}],"wp:attachment":[{"href":"https:\/\/www.arataumodular.com\/app\/wp-json\/wp\/v2\/media?parent=3453"}],"wp:term":[{"taxonomy":"post_tag","embeddable":true,"href":"https:\/\/www.arataumodular.com\/app\/wp-json\/wp\/v2\/tags?post=3453"},{"taxonomy":"tribe_events_cat","embeddable":true,"href":"https:\/\/www.arataumodular.com\/app\/wp-json\/wp\/v2\/tribe_events_cat?post=3453"}],"curies":[{"name":"wp","href":"https:\/\/api.w.org\/{rel}","templated":true}]}}