{"id":3664,"date":"2021-09-12T16:31:35","date_gmt":"2021-09-12T19:31:35","guid":{"rendered":"https:\/\/www.arataumodular.com\/app\/?post_type=tribe_events&#038;p=3664"},"modified":"2021-09-12T16:31:35","modified_gmt":"2021-09-12T19:31:35","slug":"palestra-fundacao-santo-andre-pre-construcao-e-construcao-modular","status":"publish","type":"tribe_events","link":"https:\/\/www.arataumodular.com\/app\/event\/palestra-fundacao-santo-andre-pre-construcao-e-construcao-modular\/","title":{"rendered":"Palestra &#8211; FUNDA\u00c7\u00c3O SANTO ANDR\u00c9 &#8211; XIX Semana das Engenharias | Pr\u00e9-constru\u00e7\u00e3o e Constru\u00e7\u00e3o Modular"},"content":{"rendered":"<p><img fetchpriority=\"high\" decoding=\"async\" class=\"alignnone size-full wp-image-3665\" src=\"https:\/\/www.arataumodular.com\/app\/wp-content\/uploads\/2021\/09\/Fundacao-Santo-Andre.png\" alt=\"\" width=\"788\" height=\"443\" \/><\/p>\n","protected":false},"excerpt":{"rendered":"","protected":false},"author":2,"featured_media":0,"template":"","meta":{"_tribe_events_status":"","_tribe_events_status_reason":"","footnotes":""},"tags":[],"tribe_events_cat":[],"class_list":["post-3664","tribe_events","type-tribe_events","status-publish","hentry"],"yoast_head":"<!-- This site is optimized with the Yoast SEO plugin v27.5 - https:\/\/yoast.com\/product\/yoast-seo-wordpress\/ -->\n<title>Palestra - FUNDA\u00c7\u00c3O SANTO ANDR\u00c9 - XIX Semana das Engenharias | Pr\u00e9-constru\u00e7\u00e3o e Constru\u00e7\u00e3o Modular - ARATAU Constru\u00e7\u00e3o Modular \u2013 Constru\u00e7\u00e3o Modular e Servi\u00e7os de Pr\u00e9-Constru\u00e7\u00e3o<\/title>\n<meta name=\"robots\" content=\"index, follow, max-snippet:-1, max-image-preview:large, max-video-preview:-1\" \/>\n<link rel=\"canonical\" href=\"https:\/\/www.arataumodular.com\/app\/event\/palestra-fundacao-santo-andre-pre-construcao-e-construcao-modular\/\" \/>\n<meta property=\"og:locale\" content=\"pt_BR\" \/>\n<meta property=\"og:type\" content=\"article\" \/>\n<meta property=\"og:title\" content=\"Palestra - FUNDA\u00c7\u00c3O SANTO ANDR\u00c9 - XIX Semana das Engenharias | Pr\u00e9-constru\u00e7\u00e3o e Constru\u00e7\u00e3o Modular - ARATAU Constru\u00e7\u00e3o Modular \u2013 Constru\u00e7\u00e3o Modular e Servi\u00e7os de Pr\u00e9-Constru\u00e7\u00e3o\" \/>\n<meta property=\"og:url\" content=\"https:\/\/www.arataumodular.com\/app\/event\/palestra-fundacao-santo-andre-pre-construcao-e-construcao-modular\/\" \/>\n<meta property=\"og:site_name\" content=\"ARATAU Constru\u00e7\u00e3o Modular \u2013 Constru\u00e7\u00e3o Modular e Servi\u00e7os de Pr\u00e9-Constru\u00e7\u00e3o\" \/>\n<meta property=\"og:image\" content=\"https:\/\/www.arataumodular.com\/app\/wp-content\/uploads\/2021\/09\/Fundacao-Santo-Andre.png\" \/>\n<meta name=\"twitter:card\" content=\"summary_large_image\" \/>\n<meta name=\"twitter:label1\" content=\"Est. tempo de leitura\" \/>\n\t<meta name=\"twitter:data1\" content=\"1 minuto\" \/>\n<script type=\"application\/ld+json\" class=\"yoast-schema-graph\">{\"@context\":\"https:\\\/\\\/schema.org\",\"@graph\":[{\"@type\":\"WebPage\",\"@id\":\"https:\\\/\\\/www.arataumodular.com\\\/app\\\/event\\\/palestra-fundacao-santo-andre-pre-construcao-e-construcao-modular\\\/\",\"url\":\"https:\\\/\\\/www.arataumodular.com\\\/app\\\/event\\\/palestra-fundacao-santo-andre-pre-construcao-e-construcao-modular\\\/\",\"name\":\"Palestra - FUNDA\u00c7\u00c3O SANTO ANDR\u00c9 - XIX Semana das Engenharias | Pr\u00e9-constru\u00e7\u00e3o e Constru\u00e7\u00e3o Modular - ARATAU Constru\u00e7\u00e3o Modular \u2013 Constru\u00e7\u00e3o Modular e Servi\u00e7os de Pr\u00e9-Constru\u00e7\u00e3o\",\"isPartOf\":{\"@id\":\"https:\\\/\\\/www.arataumodular.com\\\/app\\\/#website\"},\"primaryImageOfPage\":{\"@id\":\"https:\\\/\\\/www.arataumodular.com\\\/app\\\/event\\\/palestra-fundacao-santo-andre-pre-construcao-e-construcao-modular\\\/#primaryimage\"},\"image\":{\"@id\":\"https:\\\/\\\/www.arataumodular.com\\\/app\\\/event\\\/palestra-fundacao-santo-andre-pre-construcao-e-construcao-modular\\\/#primaryimage\"},\"thumbnailUrl\":\"https:\\\/\\\/www.arataumodular.com\\\/app\\\/wp-content\\\/uploads\\\/2021\\\/09\\\/Fundacao-Santo-Andre.png\",\"datePublished\":\"2021-09-12T19:31:35+00:00\",\"breadcrumb\":{\"@id\":\"https:\\\/\\\/www.arataumodular.com\\\/app\\\/event\\\/palestra-fundacao-santo-andre-pre-construcao-e-construcao-modular\\\/#breadcrumb\"},\"inLanguage\":\"pt-BR\",\"potentialAction\":[{\"@type\":\"ReadAction\",\"target\":[\"https:\\\/\\\/www.arataumodular.com\\\/app\\\/event\\\/palestra-fundacao-santo-andre-pre-construcao-e-construcao-modular\\\/\"]}]},{\"@type\":\"ImageObject\",\"inLanguage\":\"pt-BR\",\"@id\":\"https:\\\/\\\/www.arataumodular.com\\\/app\\\/event\\\/palestra-fundacao-santo-andre-pre-construcao-e-construcao-modular\\\/#primaryimage\",\"url\":\"https:\\\/\\\/www.arataumodular.com\\\/app\\\/wp-content\\\/uploads\\\/2021\\\/09\\\/Fundacao-Santo-Andre.png\",\"contentUrl\":\"https:\\\/\\\/www.arataumodular.com\\\/app\\\/wp-content\\\/uploads\\\/2021\\\/09\\\/Fundacao-Santo-Andre.png\",\"width\":788,\"height\":443},{\"@type\":\"BreadcrumbList\",\"@id\":\"https:\\\/\\\/www.arataumodular.com\\\/app\\\/event\\\/palestra-fundacao-santo-andre-pre-construcao-e-construcao-modular\\\/#breadcrumb\",\"itemListElement\":[{\"@type\":\"ListItem\",\"position\":1,\"name\":\"In\u00edcio\",\"item\":\"https:\\\/\\\/www.arataumodular.com\\\/app\\\/\"},{\"@type\":\"ListItem\",\"position\":2,\"name\":\"Eventos\",\"item\":\"https:\\\/\\\/www.arataumodular.com\\\/app\\\/events\\\/\"},{\"@type\":\"ListItem\",\"position\":3,\"name\":\"Palestra &#8211; FUNDA\u00c7\u00c3O SANTO ANDR\u00c9 &#8211; XIX Semana das Engenharias | Pr\u00e9-constru\u00e7\u00e3o e Constru\u00e7\u00e3o Modular\"}]},{\"@type\":\"WebSite\",\"@id\":\"https:\\\/\\\/www.arataumodular.com\\\/app\\\/#website\",\"url\":\"https:\\\/\\\/www.arataumodular.com\\\/app\\\/\",\"name\":\"ARATAU Constru\u00e7\u00e3o Modular \u2013 Constru\u00e7\u00e3o Modular e Servi\u00e7os de Pr\u00e9-Constru\u00e7\u00e3o\",\"description\":\"A Aratau Constru\u00e7\u00e3o Modular \u00e9 uma empresa inovadora, com solu\u00e7\u00f5es inteligentes de pr\u00e9-constru\u00e7\u00e3o e de constru\u00e7\u00e3o modular\",\"publisher\":{\"@id\":\"https:\\\/\\\/www.arataumodular.com\\\/app\\\/#organization\"},\"potentialAction\":[{\"@type\":\"SearchAction\",\"target\":{\"@type\":\"EntryPoint\",\"urlTemplate\":\"https:\\\/\\\/www.arataumodular.com\\\/app\\\/?s={search_term_string}\"},\"query-input\":{\"@type\":\"PropertyValueSpecification\",\"valueRequired\":true,\"valueName\":\"search_term_string\"}}],\"inLanguage\":\"pt-BR\"},{\"@type\":\"Organization\",\"@id\":\"https:\\\/\\\/www.arataumodular.com\\\/app\\\/#organization\",\"name\":\"ARATAU Constru\u00e7\u00e3o Modular \u2013 Constru\u00e7\u00e3o Modular e Servi\u00e7os de Pr\u00e9-Constru\u00e7\u00e3o\",\"url\":\"https:\\\/\\\/www.arataumodular.com\\\/app\\\/\",\"logo\":{\"@type\":\"ImageObject\",\"inLanguage\":\"pt-BR\",\"@id\":\"https:\\\/\\\/www.arataumodular.com\\\/app\\\/#\\\/schema\\\/logo\\\/image\\\/\",\"url\":\"https:\\\/\\\/www.arataumodular.com\\\/app\\\/wp-content\\\/uploads\\\/2020\\\/12\\\/logo-aratau.svg\",\"contentUrl\":\"https:\\\/\\\/www.arataumodular.com\\\/app\\\/wp-content\\\/uploads\\\/2020\\\/12\\\/logo-aratau.svg\",\"width\":1000,\"height\":448,\"caption\":\"ARATAU Constru\u00e7\u00e3o Modular \u2013 Constru\u00e7\u00e3o Modular e Servi\u00e7os de Pr\u00e9-Constru\u00e7\u00e3o\"},\"image\":{\"@id\":\"https:\\\/\\\/www.arataumodular.com\\\/app\\\/#\\\/schema\\\/logo\\\/image\\\/\"}}]}<\/script>\n<!-- \/ Yoast SEO plugin. -->","yoast_head_json":{"title":"Palestra - FUNDA\u00c7\u00c3O SANTO ANDR\u00c9 - XIX Semana das Engenharias | Pr\u00e9-constru\u00e7\u00e3o e Constru\u00e7\u00e3o Modular - ARATAU Constru\u00e7\u00e3o Modular \u2013 Constru\u00e7\u00e3o Modular e Servi\u00e7os de Pr\u00e9-Constru\u00e7\u00e3o","robots":{"index":"index","follow":"follow","max-snippet":"max-snippet:-1","max-image-preview":"max-image-preview:large","max-video-preview":"max-video-preview:-1"},"canonical":"https:\/\/www.arataumodular.com\/app\/event\/palestra-fundacao-santo-andre-pre-construcao-e-construcao-modular\/","og_locale":"pt_BR","og_type":"article","og_title":"Palestra - FUNDA\u00c7\u00c3O SANTO ANDR\u00c9 - XIX Semana das Engenharias | Pr\u00e9-constru\u00e7\u00e3o e Constru\u00e7\u00e3o Modular - ARATAU Constru\u00e7\u00e3o Modular \u2013 Constru\u00e7\u00e3o Modular e Servi\u00e7os de Pr\u00e9-Constru\u00e7\u00e3o","og_url":"https:\/\/www.arataumodular.com\/app\/event\/palestra-fundacao-santo-andre-pre-construcao-e-construcao-modular\/","og_site_name":"ARATAU Constru\u00e7\u00e3o Modular \u2013 Constru\u00e7\u00e3o Modular e Servi\u00e7os de Pr\u00e9-Constru\u00e7\u00e3o","og_image":[{"url":"https:\/\/www.arataumodular.com\/app\/wp-content\/uploads\/2021\/09\/Fundacao-Santo-Andre.png","type":"","width":"","height":""}],"twitter_card":"summary_large_image","twitter_misc":{"Est. tempo de leitura":"1 minuto"},"schema":{"@context":"https:\/\/schema.org","@graph":[{"@type":"WebPage","@id":"https:\/\/www.arataumodular.com\/app\/event\/palestra-fundacao-santo-andre-pre-construcao-e-construcao-modular\/","url":"https:\/\/www.arataumodular.com\/app\/event\/palestra-fundacao-santo-andre-pre-construcao-e-construcao-modular\/","name":"Palestra - FUNDA\u00c7\u00c3O SANTO ANDR\u00c9 - XIX Semana das Engenharias | Pr\u00e9-constru\u00e7\u00e3o e Constru\u00e7\u00e3o Modular - ARATAU Constru\u00e7\u00e3o Modular \u2013 Constru\u00e7\u00e3o Modular e Servi\u00e7os de Pr\u00e9-Constru\u00e7\u00e3o","isPartOf":{"@id":"https:\/\/www.arataumodular.com\/app\/#website"},"primaryImageOfPage":{"@id":"https:\/\/www.arataumodular.com\/app\/event\/palestra-fundacao-santo-andre-pre-construcao-e-construcao-modular\/#primaryimage"},"image":{"@id":"https:\/\/www.arataumodular.com\/app\/event\/palestra-fundacao-santo-andre-pre-construcao-e-construcao-modular\/#primaryimage"},"thumbnailUrl":"https:\/\/www.arataumodular.com\/app\/wp-content\/uploads\/2021\/09\/Fundacao-Santo-Andre.png","datePublished":"2021-09-12T19:31:35+00:00","breadcrumb":{"@id":"https:\/\/www.arataumodular.com\/app\/event\/palestra-fundacao-santo-andre-pre-construcao-e-construcao-modular\/#breadcrumb"},"inLanguage":"pt-BR","potentialAction":[{"@type":"ReadAction","target":["https:\/\/www.arataumodular.com\/app\/event\/palestra-fundacao-santo-andre-pre-construcao-e-construcao-modular\/"]}]},{"@type":"ImageObject","inLanguage":"pt-BR","@id":"https:\/\/www.arataumodular.com\/app\/event\/palestra-fundacao-santo-andre-pre-construcao-e-construcao-modular\/#primaryimage","url":"https:\/\/www.arataumodular.com\/app\/wp-content\/uploads\/2021\/09\/Fundacao-Santo-Andre.png","contentUrl":"https:\/\/www.arataumodular.com\/app\/wp-content\/uploads\/2021\/09\/Fundacao-Santo-Andre.png","width":788,"height":443},{"@type":"BreadcrumbList","@id":"https:\/\/www.arataumodular.com\/app\/event\/palestra-fundacao-santo-andre-pre-construcao-e-construcao-modular\/#breadcrumb","itemListElement":[{"@type":"ListItem","position":1,"name":"In\u00edcio","item":"https:\/\/www.arataumodular.com\/app\/"},{"@type":"ListItem","position":2,"name":"Eventos","item":"https:\/\/www.arataumodular.com\/app\/events\/"},{"@type":"ListItem","position":3,"name":"Palestra &#8211; FUNDA\u00c7\u00c3O SANTO ANDR\u00c9 &#8211; XIX Semana das Engenharias | Pr\u00e9-constru\u00e7\u00e3o e Constru\u00e7\u00e3o Modular"}]},{"@type":"WebSite","@id":"https:\/\/www.arataumodular.com\/app\/#website","url":"https:\/\/www.arataumodular.com\/app\/","name":"ARATAU Constru\u00e7\u00e3o Modular \u2013 Constru\u00e7\u00e3o Modular e Servi\u00e7os de Pr\u00e9-Constru\u00e7\u00e3o","description":"A Aratau Constru\u00e7\u00e3o Modular \u00e9 uma empresa inovadora, com solu\u00e7\u00f5es inteligentes de pr\u00e9-constru\u00e7\u00e3o e de constru\u00e7\u00e3o modular","publisher":{"@id":"https:\/\/www.arataumodular.com\/app\/#organization"},"potentialAction":[{"@type":"SearchAction","target":{"@type":"EntryPoint","urlTemplate":"https:\/\/www.arataumodular.com\/app\/?s={search_term_string}"},"query-input":{"@type":"PropertyValueSpecification","valueRequired":true,"valueName":"search_term_string"}}],"inLanguage":"pt-BR"},{"@type":"Organization","@id":"https:\/\/www.arataumodular.com\/app\/#organization","name":"ARATAU Constru\u00e7\u00e3o Modular \u2013 Constru\u00e7\u00e3o Modular e Servi\u00e7os de Pr\u00e9-Constru\u00e7\u00e3o","url":"https:\/\/www.arataumodular.com\/app\/","logo":{"@type":"ImageObject","inLanguage":"pt-BR","@id":"https:\/\/www.arataumodular.com\/app\/#\/schema\/logo\/image\/","url":"https:\/\/www.arataumodular.com\/app\/wp-content\/uploads\/2020\/12\/logo-aratau.svg","contentUrl":"https:\/\/www.arataumodular.com\/app\/wp-content\/uploads\/2020\/12\/logo-aratau.svg","width":1000,"height":448,"caption":"ARATAU Constru\u00e7\u00e3o Modular \u2013 Constru\u00e7\u00e3o Modular e Servi\u00e7os de Pr\u00e9-Constru\u00e7\u00e3o"},"image":{"@id":"https:\/\/www.arataumodular.com\/app\/#\/schema\/logo\/image\/"}}]}},"blog_post_layout_featured_media_urls":{"thumbnail":"","full":""},"categories":null,"categories_names":null,"comments_number":"0","_links":{"self":[{"href":"https:\/\/www.arataumodular.com\/app\/wp-json\/wp\/v2\/tribe_events\/3664","targetHints":{"allow":["GET"]}}],"collection":[{"href":"https:\/\/www.arataumodular.com\/app\/wp-json\/wp\/v2\/tribe_events"}],"about":[{"href":"https:\/\/www.arataumodular.com\/app\/wp-json\/wp\/v2\/types\/tribe_events"}],"author":[{"embeddable":true,"href":"https:\/\/www.arataumodular.com\/app\/wp-json\/wp\/v2\/users\/2"}],"version-history":[{"count":1,"href":"https:\/\/www.arataumodular.com\/app\/wp-json\/wp\/v2\/tribe_events\/3664\/revisions"}],"predecessor-version":[{"id":3666,"href":"https:\/\/www.arataumodular.com\/app\/wp-json\/wp\/v2\/tribe_events\/3664\/revisions\/3666"}],"wp:attachment":[{"href":"https:\/\/www.arataumodular.com\/app\/wp-json\/wp\/v2\/media?parent=3664"}],"wp:term":[{"taxonomy":"post_tag","embeddable":true,"href":"https:\/\/www.arataumodular.com\/app\/wp-json\/wp\/v2\/tags?post=3664"},{"taxonomy":"tribe_events_cat","embeddable":true,"href":"https:\/\/www.arataumodular.com\/app\/wp-json\/wp\/v2\/tribe_events_cat?post=3664"}],"curies":[{"name":"wp","href":"https:\/\/api.w.org\/{rel}","templated":true}]}}