{"id":7091,"date":"2022-08-23T18:42:09","date_gmt":"2022-08-23T21:42:09","guid":{"rendered":"https:\/\/www.arataumodular.com\/app\/?post_type=tribe_events&#038;p=7091"},"modified":"2022-08-23T18:42:09","modified_gmt":"2022-08-23T21:42:09","slug":"palestra-diretrizes-para-a-industrializacao-da-construcao-pre-construcao-e-construcao-modular-xx-semana-das-engenharias-fundacao-santo-andre","status":"publish","type":"tribe_events","link":"https:\/\/www.arataumodular.com\/app\/event\/palestra-diretrizes-para-a-industrializacao-da-construcao-pre-construcao-e-construcao-modular-xx-semana-das-engenharias-fundacao-santo-andre\/","title":{"rendered":"Palestra &#8211; Diretrizes para a Industrializa\u00e7\u00e3o da Constru\u00e7\u00e3o, Pr\u00e9-constru\u00e7\u00e3o e Constru\u00e7\u00e3o Modular | XX Semana das Engenharias &#8211; Funda\u00e7\u00e3o Santo Andr\u00e9"},"content":{"rendered":"","protected":false},"excerpt":{"rendered":"","protected":false},"author":2,"featured_media":7092,"template":"","meta":{"_tribe_events_status":"","_tribe_events_status_reason":"","footnotes":""},"tags":[],"tribe_events_cat":[],"class_list":["post-7091","tribe_events","type-tribe_events","status-publish","has-post-thumbnail","hentry"],"yoast_head":"<!-- This site is optimized with the Yoast SEO plugin v27.5 - https:\/\/yoast.com\/product\/yoast-seo-wordpress\/ -->\n<title>Palestra - Diretrizes para a Industrializa\u00e7\u00e3o da Constru\u00e7\u00e3o, Pr\u00e9-constru\u00e7\u00e3o e Constru\u00e7\u00e3o Modular | XX Semana das Engenharias - Funda\u00e7\u00e3o Santo Andr\u00e9 - ARATAU Constru\u00e7\u00e3o Modular \u2013 Constru\u00e7\u00e3o Modular e Servi\u00e7os de Pr\u00e9-Constru\u00e7\u00e3o<\/title>\n<meta name=\"robots\" content=\"index, follow, max-snippet:-1, max-image-preview:large, max-video-preview:-1\" \/>\n<link rel=\"canonical\" href=\"https:\/\/www.arataumodular.com\/app\/event\/palestra-diretrizes-para-a-industrializacao-da-construcao-pre-construcao-e-construcao-modular-xx-semana-das-engenharias-fundacao-santo-andre\/\" \/>\n<meta property=\"og:locale\" content=\"pt_BR\" \/>\n<meta property=\"og:type\" content=\"article\" \/>\n<meta property=\"og:title\" content=\"Palestra - Diretrizes para a Industrializa\u00e7\u00e3o da Constru\u00e7\u00e3o, Pr\u00e9-constru\u00e7\u00e3o e Constru\u00e7\u00e3o Modular | XX Semana das Engenharias - Funda\u00e7\u00e3o Santo Andr\u00e9 - ARATAU Constru\u00e7\u00e3o Modular \u2013 Constru\u00e7\u00e3o Modular e Servi\u00e7os de Pr\u00e9-Constru\u00e7\u00e3o\" \/>\n<meta property=\"og:url\" content=\"https:\/\/www.arataumodular.com\/app\/event\/palestra-diretrizes-para-a-industrializacao-da-construcao-pre-construcao-e-construcao-modular-xx-semana-das-engenharias-fundacao-santo-andre\/\" \/>\n<meta property=\"og:site_name\" content=\"ARATAU Constru\u00e7\u00e3o Modular \u2013 Constru\u00e7\u00e3o Modular e Servi\u00e7os de Pr\u00e9-Constru\u00e7\u00e3o\" \/>\n<meta property=\"og:image\" content=\"https:\/\/www.arataumodular.com\/app\/wp-content\/uploads\/2022\/08\/2a6efee3-f932-44d3-a003-c97f0a1b0ff4.jpg\" \/>\n\t<meta property=\"og:image:width\" content=\"640\" \/>\n\t<meta property=\"og:image:height\" content=\"360\" \/>\n\t<meta property=\"og:image:type\" content=\"image\/jpeg\" \/>\n<meta name=\"twitter:card\" content=\"summary_large_image\" \/>\n<script type=\"application\/ld+json\" class=\"yoast-schema-graph\">{\"@context\":\"https:\\\/\\\/schema.org\",\"@graph\":[{\"@type\":\"WebPage\",\"@id\":\"https:\\\/\\\/www.arataumodular.com\\\/app\\\/event\\\/palestra-diretrizes-para-a-industrializacao-da-construcao-pre-construcao-e-construcao-modular-xx-semana-das-engenharias-fundacao-santo-andre\\\/\",\"url\":\"https:\\\/\\\/www.arataumodular.com\\\/app\\\/event\\\/palestra-diretrizes-para-a-industrializacao-da-construcao-pre-construcao-e-construcao-modular-xx-semana-das-engenharias-fundacao-santo-andre\\\/\",\"name\":\"Palestra - Diretrizes para a Industrializa\u00e7\u00e3o da Constru\u00e7\u00e3o, Pr\u00e9-constru\u00e7\u00e3o e Constru\u00e7\u00e3o Modular | XX Semana das Engenharias - Funda\u00e7\u00e3o Santo Andr\u00e9 - ARATAU Constru\u00e7\u00e3o Modular \u2013 Constru\u00e7\u00e3o Modular e Servi\u00e7os de Pr\u00e9-Constru\u00e7\u00e3o\",\"isPartOf\":{\"@id\":\"https:\\\/\\\/www.arataumodular.com\\\/app\\\/#website\"},\"primaryImageOfPage\":{\"@id\":\"https:\\\/\\\/www.arataumodular.com\\\/app\\\/event\\\/palestra-diretrizes-para-a-industrializacao-da-construcao-pre-construcao-e-construcao-modular-xx-semana-das-engenharias-fundacao-santo-andre\\\/#primaryimage\"},\"image\":{\"@id\":\"https:\\\/\\\/www.arataumodular.com\\\/app\\\/event\\\/palestra-diretrizes-para-a-industrializacao-da-construcao-pre-construcao-e-construcao-modular-xx-semana-das-engenharias-fundacao-santo-andre\\\/#primaryimage\"},\"thumbnailUrl\":\"https:\\\/\\\/www.arataumodular.com\\\/app\\\/wp-content\\\/uploads\\\/2022\\\/08\\\/2a6efee3-f932-44d3-a003-c97f0a1b0ff4.jpg\",\"datePublished\":\"2022-08-23T21:42:09+00:00\",\"breadcrumb\":{\"@id\":\"https:\\\/\\\/www.arataumodular.com\\\/app\\\/event\\\/palestra-diretrizes-para-a-industrializacao-da-construcao-pre-construcao-e-construcao-modular-xx-semana-das-engenharias-fundacao-santo-andre\\\/#breadcrumb\"},\"inLanguage\":\"pt-BR\",\"potentialAction\":[{\"@type\":\"ReadAction\",\"target\":[\"https:\\\/\\\/www.arataumodular.com\\\/app\\\/event\\\/palestra-diretrizes-para-a-industrializacao-da-construcao-pre-construcao-e-construcao-modular-xx-semana-das-engenharias-fundacao-santo-andre\\\/\"]}]},{\"@type\":\"ImageObject\",\"inLanguage\":\"pt-BR\",\"@id\":\"https:\\\/\\\/www.arataumodular.com\\\/app\\\/event\\\/palestra-diretrizes-para-a-industrializacao-da-construcao-pre-construcao-e-construcao-modular-xx-semana-das-engenharias-fundacao-santo-andre\\\/#primaryimage\",\"url\":\"https:\\\/\\\/www.arataumodular.com\\\/app\\\/wp-content\\\/uploads\\\/2022\\\/08\\\/2a6efee3-f932-44d3-a003-c97f0a1b0ff4.jpg\",\"contentUrl\":\"https:\\\/\\\/www.arataumodular.com\\\/app\\\/wp-content\\\/uploads\\\/2022\\\/08\\\/2a6efee3-f932-44d3-a003-c97f0a1b0ff4.jpg\",\"width\":640,\"height\":360},{\"@type\":\"BreadcrumbList\",\"@id\":\"https:\\\/\\\/www.arataumodular.com\\\/app\\\/event\\\/palestra-diretrizes-para-a-industrializacao-da-construcao-pre-construcao-e-construcao-modular-xx-semana-das-engenharias-fundacao-santo-andre\\\/#breadcrumb\",\"itemListElement\":[{\"@type\":\"ListItem\",\"position\":1,\"name\":\"In\u00edcio\",\"item\":\"https:\\\/\\\/www.arataumodular.com\\\/app\\\/\"},{\"@type\":\"ListItem\",\"position\":2,\"name\":\"Eventos\",\"item\":\"https:\\\/\\\/www.arataumodular.com\\\/app\\\/events\\\/\"},{\"@type\":\"ListItem\",\"position\":3,\"name\":\"Palestra &#8211; Diretrizes para a Industrializa\u00e7\u00e3o da Constru\u00e7\u00e3o, Pr\u00e9-constru\u00e7\u00e3o e Constru\u00e7\u00e3o Modular | XX Semana das Engenharias &#8211; Funda\u00e7\u00e3o Santo Andr\u00e9\"}]},{\"@type\":\"WebSite\",\"@id\":\"https:\\\/\\\/www.arataumodular.com\\\/app\\\/#website\",\"url\":\"https:\\\/\\\/www.arataumodular.com\\\/app\\\/\",\"name\":\"ARATAU Constru\u00e7\u00e3o Modular \u2013 Constru\u00e7\u00e3o Modular e Servi\u00e7os de Pr\u00e9-Constru\u00e7\u00e3o\",\"description\":\"A Aratau Constru\u00e7\u00e3o Modular \u00e9 uma empresa inovadora, com solu\u00e7\u00f5es inteligentes de pr\u00e9-constru\u00e7\u00e3o e de constru\u00e7\u00e3o modular\",\"publisher\":{\"@id\":\"https:\\\/\\\/www.arataumodular.com\\\/app\\\/#organization\"},\"potentialAction\":[{\"@type\":\"SearchAction\",\"target\":{\"@type\":\"EntryPoint\",\"urlTemplate\":\"https:\\\/\\\/www.arataumodular.com\\\/app\\\/?s={search_term_string}\"},\"query-input\":{\"@type\":\"PropertyValueSpecification\",\"valueRequired\":true,\"valueName\":\"search_term_string\"}}],\"inLanguage\":\"pt-BR\"},{\"@type\":\"Organization\",\"@id\":\"https:\\\/\\\/www.arataumodular.com\\\/app\\\/#organization\",\"name\":\"ARATAU Constru\u00e7\u00e3o Modular \u2013 Constru\u00e7\u00e3o Modular e Servi\u00e7os de Pr\u00e9-Constru\u00e7\u00e3o\",\"url\":\"https:\\\/\\\/www.arataumodular.com\\\/app\\\/\",\"logo\":{\"@type\":\"ImageObject\",\"inLanguage\":\"pt-BR\",\"@id\":\"https:\\\/\\\/www.arataumodular.com\\\/app\\\/#\\\/schema\\\/logo\\\/image\\\/\",\"url\":\"https:\\\/\\\/www.arataumodular.com\\\/app\\\/wp-content\\\/uploads\\\/2020\\\/12\\\/logo-aratau.svg\",\"contentUrl\":\"https:\\\/\\\/www.arataumodular.com\\\/app\\\/wp-content\\\/uploads\\\/2020\\\/12\\\/logo-aratau.svg\",\"width\":1000,\"height\":448,\"caption\":\"ARATAU Constru\u00e7\u00e3o Modular \u2013 Constru\u00e7\u00e3o Modular e Servi\u00e7os de Pr\u00e9-Constru\u00e7\u00e3o\"},\"image\":{\"@id\":\"https:\\\/\\\/www.arataumodular.com\\\/app\\\/#\\\/schema\\\/logo\\\/image\\\/\"}}]}<\/script>\n<!-- \/ Yoast SEO plugin. -->","yoast_head_json":{"title":"Palestra - Diretrizes para a Industrializa\u00e7\u00e3o da Constru\u00e7\u00e3o, Pr\u00e9-constru\u00e7\u00e3o e Constru\u00e7\u00e3o Modular | XX Semana das Engenharias - Funda\u00e7\u00e3o Santo Andr\u00e9 - ARATAU Constru\u00e7\u00e3o Modular \u2013 Constru\u00e7\u00e3o Modular e Servi\u00e7os de Pr\u00e9-Constru\u00e7\u00e3o","robots":{"index":"index","follow":"follow","max-snippet":"max-snippet:-1","max-image-preview":"max-image-preview:large","max-video-preview":"max-video-preview:-1"},"canonical":"https:\/\/www.arataumodular.com\/app\/event\/palestra-diretrizes-para-a-industrializacao-da-construcao-pre-construcao-e-construcao-modular-xx-semana-das-engenharias-fundacao-santo-andre\/","og_locale":"pt_BR","og_type":"article","og_title":"Palestra - Diretrizes para a Industrializa\u00e7\u00e3o da Constru\u00e7\u00e3o, Pr\u00e9-constru\u00e7\u00e3o e Constru\u00e7\u00e3o Modular | XX Semana das Engenharias - Funda\u00e7\u00e3o Santo Andr\u00e9 - ARATAU Constru\u00e7\u00e3o Modular \u2013 Constru\u00e7\u00e3o Modular e Servi\u00e7os de Pr\u00e9-Constru\u00e7\u00e3o","og_url":"https:\/\/www.arataumodular.com\/app\/event\/palestra-diretrizes-para-a-industrializacao-da-construcao-pre-construcao-e-construcao-modular-xx-semana-das-engenharias-fundacao-santo-andre\/","og_site_name":"ARATAU Constru\u00e7\u00e3o Modular \u2013 Constru\u00e7\u00e3o Modular e Servi\u00e7os de Pr\u00e9-Constru\u00e7\u00e3o","og_image":[{"width":640,"height":360,"url":"https:\/\/www.arataumodular.com\/app\/wp-content\/uploads\/2022\/08\/2a6efee3-f932-44d3-a003-c97f0a1b0ff4.jpg","type":"image\/jpeg"}],"twitter_card":"summary_large_image","schema":{"@context":"https:\/\/schema.org","@graph":[{"@type":"WebPage","@id":"https:\/\/www.arataumodular.com\/app\/event\/palestra-diretrizes-para-a-industrializacao-da-construcao-pre-construcao-e-construcao-modular-xx-semana-das-engenharias-fundacao-santo-andre\/","url":"https:\/\/www.arataumodular.com\/app\/event\/palestra-diretrizes-para-a-industrializacao-da-construcao-pre-construcao-e-construcao-modular-xx-semana-das-engenharias-fundacao-santo-andre\/","name":"Palestra - Diretrizes para a Industrializa\u00e7\u00e3o da Constru\u00e7\u00e3o, Pr\u00e9-constru\u00e7\u00e3o e Constru\u00e7\u00e3o Modular | XX Semana das Engenharias - Funda\u00e7\u00e3o Santo Andr\u00e9 - ARATAU Constru\u00e7\u00e3o Modular \u2013 Constru\u00e7\u00e3o Modular e Servi\u00e7os de Pr\u00e9-Constru\u00e7\u00e3o","isPartOf":{"@id":"https:\/\/www.arataumodular.com\/app\/#website"},"primaryImageOfPage":{"@id":"https:\/\/www.arataumodular.com\/app\/event\/palestra-diretrizes-para-a-industrializacao-da-construcao-pre-construcao-e-construcao-modular-xx-semana-das-engenharias-fundacao-santo-andre\/#primaryimage"},"image":{"@id":"https:\/\/www.arataumodular.com\/app\/event\/palestra-diretrizes-para-a-industrializacao-da-construcao-pre-construcao-e-construcao-modular-xx-semana-das-engenharias-fundacao-santo-andre\/#primaryimage"},"thumbnailUrl":"https:\/\/www.arataumodular.com\/app\/wp-content\/uploads\/2022\/08\/2a6efee3-f932-44d3-a003-c97f0a1b0ff4.jpg","datePublished":"2022-08-23T21:42:09+00:00","breadcrumb":{"@id":"https:\/\/www.arataumodular.com\/app\/event\/palestra-diretrizes-para-a-industrializacao-da-construcao-pre-construcao-e-construcao-modular-xx-semana-das-engenharias-fundacao-santo-andre\/#breadcrumb"},"inLanguage":"pt-BR","potentialAction":[{"@type":"ReadAction","target":["https:\/\/www.arataumodular.com\/app\/event\/palestra-diretrizes-para-a-industrializacao-da-construcao-pre-construcao-e-construcao-modular-xx-semana-das-engenharias-fundacao-santo-andre\/"]}]},{"@type":"ImageObject","inLanguage":"pt-BR","@id":"https:\/\/www.arataumodular.com\/app\/event\/palestra-diretrizes-para-a-industrializacao-da-construcao-pre-construcao-e-construcao-modular-xx-semana-das-engenharias-fundacao-santo-andre\/#primaryimage","url":"https:\/\/www.arataumodular.com\/app\/wp-content\/uploads\/2022\/08\/2a6efee3-f932-44d3-a003-c97f0a1b0ff4.jpg","contentUrl":"https:\/\/www.arataumodular.com\/app\/wp-content\/uploads\/2022\/08\/2a6efee3-f932-44d3-a003-c97f0a1b0ff4.jpg","width":640,"height":360},{"@type":"BreadcrumbList","@id":"https:\/\/www.arataumodular.com\/app\/event\/palestra-diretrizes-para-a-industrializacao-da-construcao-pre-construcao-e-construcao-modular-xx-semana-das-engenharias-fundacao-santo-andre\/#breadcrumb","itemListElement":[{"@type":"ListItem","position":1,"name":"In\u00edcio","item":"https:\/\/www.arataumodular.com\/app\/"},{"@type":"ListItem","position":2,"name":"Eventos","item":"https:\/\/www.arataumodular.com\/app\/events\/"},{"@type":"ListItem","position":3,"name":"Palestra &#8211; Diretrizes para a Industrializa\u00e7\u00e3o da Constru\u00e7\u00e3o, Pr\u00e9-constru\u00e7\u00e3o e Constru\u00e7\u00e3o Modular | XX Semana das Engenharias &#8211; Funda\u00e7\u00e3o Santo Andr\u00e9"}]},{"@type":"WebSite","@id":"https:\/\/www.arataumodular.com\/app\/#website","url":"https:\/\/www.arataumodular.com\/app\/","name":"ARATAU Constru\u00e7\u00e3o Modular \u2013 Constru\u00e7\u00e3o Modular e Servi\u00e7os de Pr\u00e9-Constru\u00e7\u00e3o","description":"A Aratau Constru\u00e7\u00e3o Modular \u00e9 uma empresa inovadora, com solu\u00e7\u00f5es inteligentes de pr\u00e9-constru\u00e7\u00e3o e de constru\u00e7\u00e3o modular","publisher":{"@id":"https:\/\/www.arataumodular.com\/app\/#organization"},"potentialAction":[{"@type":"SearchAction","target":{"@type":"EntryPoint","urlTemplate":"https:\/\/www.arataumodular.com\/app\/?s={search_term_string}"},"query-input":{"@type":"PropertyValueSpecification","valueRequired":true,"valueName":"search_term_string"}}],"inLanguage":"pt-BR"},{"@type":"Organization","@id":"https:\/\/www.arataumodular.com\/app\/#organization","name":"ARATAU Constru\u00e7\u00e3o Modular \u2013 Constru\u00e7\u00e3o Modular e Servi\u00e7os de Pr\u00e9-Constru\u00e7\u00e3o","url":"https:\/\/www.arataumodular.com\/app\/","logo":{"@type":"ImageObject","inLanguage":"pt-BR","@id":"https:\/\/www.arataumodular.com\/app\/#\/schema\/logo\/image\/","url":"https:\/\/www.arataumodular.com\/app\/wp-content\/uploads\/2020\/12\/logo-aratau.svg","contentUrl":"https:\/\/www.arataumodular.com\/app\/wp-content\/uploads\/2020\/12\/logo-aratau.svg","width":1000,"height":448,"caption":"ARATAU Constru\u00e7\u00e3o Modular \u2013 Constru\u00e7\u00e3o Modular e Servi\u00e7os de Pr\u00e9-Constru\u00e7\u00e3o"},"image":{"@id":"https:\/\/www.arataumodular.com\/app\/#\/schema\/logo\/image\/"}}]}},"blog_post_layout_featured_media_urls":{"thumbnail":["https:\/\/www.arataumodular.com\/app\/wp-content\/uploads\/2022\/08\/2a6efee3-f932-44d3-a003-c97f0a1b0ff4-150x150.jpg",150,150,true],"full":["https:\/\/www.arataumodular.com\/app\/wp-content\/uploads\/2022\/08\/2a6efee3-f932-44d3-a003-c97f0a1b0ff4.jpg",640,360,false]},"categories":null,"categories_names":null,"comments_number":"0","_links":{"self":[{"href":"https:\/\/www.arataumodular.com\/app\/wp-json\/wp\/v2\/tribe_events\/7091","targetHints":{"allow":["GET"]}}],"collection":[{"href":"https:\/\/www.arataumodular.com\/app\/wp-json\/wp\/v2\/tribe_events"}],"about":[{"href":"https:\/\/www.arataumodular.com\/app\/wp-json\/wp\/v2\/types\/tribe_events"}],"author":[{"embeddable":true,"href":"https:\/\/www.arataumodular.com\/app\/wp-json\/wp\/v2\/users\/2"}],"version-history":[{"count":1,"href":"https:\/\/www.arataumodular.com\/app\/wp-json\/wp\/v2\/tribe_events\/7091\/revisions"}],"predecessor-version":[{"id":7094,"href":"https:\/\/www.arataumodular.com\/app\/wp-json\/wp\/v2\/tribe_events\/7091\/revisions\/7094"}],"wp:featuredmedia":[{"embeddable":true,"href":"https:\/\/www.arataumodular.com\/app\/wp-json\/wp\/v2\/media\/7092"}],"wp:attachment":[{"href":"https:\/\/www.arataumodular.com\/app\/wp-json\/wp\/v2\/media?parent=7091"}],"wp:term":[{"taxonomy":"post_tag","embeddable":true,"href":"https:\/\/www.arataumodular.com\/app\/wp-json\/wp\/v2\/tags?post=7091"},{"taxonomy":"tribe_events_cat","embeddable":true,"href":"https:\/\/www.arataumodular.com\/app\/wp-json\/wp\/v2\/tribe_events_cat?post=7091"}],"curies":[{"name":"wp","href":"https:\/\/api.w.org\/{rel}","templated":true}]}}